{"id":91,"date":"2016-11-03T07:36:45","date_gmt":"2016-11-03T06:36:45","guid":{"rendered":"http:\/\/www.innerebalance.at\/?page_id=91"},"modified":"2026-08-20T10:42:30","modified_gmt":"2026-08-20T08:42:30","slug":"focusing","status":"publish","type":"page","link":"https:\/\/www.innerebalance.at\/?page_id=91","title":{"rendered":"Focusing"},"content":{"rendered":"\n<p class=\"has-black-color has-very-light-gray-to-cyan-bluish-gray-gradient-background has-text-color has-background has-large-font-size wp-block-paragraph\"><strong>&#8222;Was sein darf, kann sich ver\u00e4ndern.&#8220; (Eugene T. Gendlin)<\/strong><\/p>\n\n\n\n<p class=\"wp-block-paragraph\">Ist das m\u00f6glich? Innere Ver\u00e4nderungen tats\u00e4chlich nachhaltig zu erm\u00f6glichen und seinen Mustern nicht auf Gedeih und Verderb ausgeliefert zu sein? Dadurch vielleicht gelassener zu werden? Selbstbewusster? Es zu schaffen, eigene Grenzen zu wahren? Und das alles mit einer sehr freundlichen, zugewandten Haltung? Ohne st\u00e4ndig an sich herum zu kritisieren oder zu n\u00f6rgeln?<\/p>\n\n\n\n<p class=\"wp-block-paragraph\">Wie kann das m\u00f6glich sein?<\/p>\n\n\n\n<p class=\"wp-block-paragraph\">Indem wir als inneren Ratgeber nicht die ewig gleichen Gedanken heranziehen sondern unsere Weisheit und das innere Gesp\u00fcr nutzen, dass sich an unserer Bewusstseinsgrenze befindet. Schon gesp\u00fcrt, aber noch ohne Worte. Vergleichbar mit einem &#8222;Bauchgef\u00fchl&#8220;. Mit dem treten wir in Kontakt, durch unser K\u00f6rpergesp\u00fcr. Und von dem lassen wir uns leiten, wie von einem inneren Kompass. Und pl\u00f6tzlich werden Ver\u00e4nderungen m\u00f6glich, von denen wir vielleicht geglaubt haben, dass sie niemals geschehen werden.<\/p>\n\n\n\n<p class=\"wp-block-paragraph\">Was ist noch alles mit Focusing m\u00f6glich?<\/p>\n\n\n\n<ul class=\"wp-block-list\">\n<li>die Kreativit\u00e4t zu steigern<\/li>\n\n\n\n<li class=\"has-regular-font-size\">ein besseres Verst\u00e4ndnis f\u00fcr sich selber zu erreichen<\/li>\n\n\n\n<li class=\"has-regular-font-size\">Tr\u00e4ume zu interpretieren <\/li>\n\n\n\n<li>das Selbstbewusstsein zu st\u00e4rken<\/li>\n\n\n\n<li class=\"has-regular-font-size\">den Umgang in Beziehungen zu ver\u00e4ndern<\/li>\n\n\n\n<li>eine neue Sichtweise auf Probleme zu  erhalten<\/li>\n<\/ul>\n\n\n\n<h5 class=\"wp-block-heading has-regular-font-size\"><\/h5>\n\n\n\n<p class=\"wp-block-paragraph\">Focusing ist keine Therapie. Focusing ist ein Wahrnehmen oder &#8222;Erlauschen&#8220; von inneren Vorg\u00e4ngen, die oft nicht klar und\/oder bewusst sind. Wichtig ist dabei eine absichtslose Haltung, durch die es m\u00f6glich wird, dass Bilder, Stimmungen oder Erkenntnisse, die zum aktuellen Thema geh\u00f6ren, sichtbar werden.<\/p>\n\n\n\n<p class=\"wp-block-paragraph\">Der Begr\u00fcnder von Focusing, der in Wien aufgewachsene Eugene. T. Gendlin (1926-2017) beobachtete in seinen Sitzungen immer wieder den gro\u00dfen Zusammenhang zwischen k\u00f6rperlichen und seelischen Prozessen.<\/p>\n\n\n\n<p class=\"wp-block-paragraph\">Focusing Einzelsitzungen k\u00f6nnen nach Wunsch unterschiedlich lang sein (z.B. 30 oder 50 Minuten) und sind auch online m\u00f6glich.<\/p>\n\n\n\n<p class=\"wp-block-paragraph\">Focusing ist keine Therapie und ersetzt keine psychotherapeutische oder psychologische Behandlung!<\/p>\n\n\n\n<p class=\"wp-block-paragraph\">Focusing kann auch erlernt werden und selber, mit einem Focusing-Partner \/ einer Focusing-Partnerin angewandt werden. N\u00e4here Informationen und &#8222;Seminare &amp; Workshops&#8220;.<\/p>\n\n\n\n<h1 class=\"wp-block-heading has-regular-font-size\"><\/h1>\n\n\n\n<h5 class=\"wp-block-heading has-text-align-center has-regular-font-size\">Kostenfreie Online-Gruppenfocusings unter: <a href=\"https:\/\/www.daf-focusing-akademie.com\/online-focusing-time-oft\/\">Online-Focusing-Time (OFT) \/ DAF<\/a><\/h5>\n\n\n\n<p class=\"has-text-align-center has-regular-font-size wp-block-paragraph\"><a href=\"https:\/\/www.daf-focusing-akademie.com\/online-focusing-time-oft\/\">daf-focusing-akademie.com<\/a><\/p>\n\n\n\n<figure class=\"wp-block-image size-large is-resized\"><img loading=\"lazy\" decoding=\"async\" width=\"1024\" height=\"683\" src=\"https:\/\/www.innerebalance.at\/wp-content\/uploads\/2020\/07\/lens-1209823_1920-1024x683.jpg\" alt=\"\" class=\"wp-image-234\" style=\"width:341px;height:227px\" srcset=\"https:\/\/www.innerebalance.at\/wp-content\/uploads\/2020\/07\/lens-1209823_1920-1024x683.jpg 1024w, https:\/\/www.innerebalance.at\/wp-content\/uploads\/2020\/07\/lens-1209823_1920-300x200.jpg 300w, https:\/\/www.innerebalance.at\/wp-content\/uploads\/2020\/07\/lens-1209823_1920-768x512.jpg 768w, https:\/\/www.innerebalance.at\/wp-content\/uploads\/2020\/07\/lens-1209823_1920-1536x1024.jpg 1536w, https:\/\/www.innerebalance.at\/wp-content\/uploads\/2020\/07\/lens-1209823_1920.jpg 1920w\" sizes=\"auto, (max-width: 1024px) 100vw, 1024px\" \/><\/figure>\n\n\n\n<p class=\"wp-block-paragraph\"><\/p>\n\n\n\n<p class=\"wp-block-paragraph\"><\/p>\n\n\n\n<p class=\"wp-block-paragraph\"><\/p>\n\n\n\n<p class=\"has-text-align-center wp-block-paragraph\">______________________________________________________________________<\/p>\n\n\n\n<p class=\"has-text-align-center has-vivid-red-color has-text-color wp-block-paragraph\" style=\"font-size:18px\"><strong>FOCUSINGJOURNAL<\/strong><\/p>\n\n\n\n<p class=\"wp-block-paragraph\"><\/p>\n\n\n\n<p class=\"has-text-align-center wp-block-paragraph\" style=\"font-size:17px\">Die <strong>Zeitschrift zur Kultur der Achtsamkeit<br><\/strong>gegr\u00fcndet 1998, herausgegeben von Johannes Wiltschko <\/p>\n\n\n\n<p class=\"has-text-align-center wp-block-paragraph\" style=\"font-size:17px\">DAF-AKADEMIE <\/p>\n\n\n\n<p class=\"has-text-align-center wp-block-paragraph\" style=\"font-size:17px\"><a href=\"https:\/\/www.daf-focusing-akademie.com\/news\/aktuelles\/\">https:\/\/www.daf-focusing-akademie.com\/news\/aktuelles\/<\/a><\/p>\n\n\n\n<p class=\"has-text-align-center wp-block-paragraph\">&#8212;&#8212;&#8212;&#8212;&#8212;&#8212;&#8212;&#8212;&#8212;&#8212;&#8212;-<\/p>\n\n\n\n<p class=\"wp-block-paragraph\" style=\"font-size:17px\">Im <strong>FOCUSING<\/strong>JOURNAL werden k\u00fcrzere, l\u00e4ngere und ganz kurze Texte, in denen laut und \u00f6ffentlich \u00fcber Focusing nachgedacht, fokussiert, berichtet, gestritten und informiert wird, ver\u00f6ffentlicht.<\/p>\n\n\n\n<p class=\"wp-block-paragraph\" style=\"font-size:17px\">Wenn Sie die drei letzten <strong>FOCUSING<\/strong>JOURNALE&nbsp;<strong>kostenlos herunterladen<\/strong> oder ausdrucken wollen, dann k\u00f6nnen Sie das unter folgendem Link tun:<\/p>\n\n\n\n<p class=\"has-text-align-center wp-block-paragraph\">&#8212;&#8212;&#8212;&#8211;<\/p>\n\n\n\n<p class=\"wp-block-paragraph\"><a href=\"https:\/\/www.daf-focusing-akademie.com\/medien\/#journal\">https:\/\/www.daf-focusing-akademie.com\/medien\/#journal<\/a><\/p>\n\n\n\n<p class=\"has-text-align-center wp-block-paragraph\"><\/p>\n\n\n\n<p class=\"has-text-align-center wp-block-paragraph\" style=\"font-size:17px\"><\/p>\n\n\n\n<p class=\"has-text-align-center wp-block-paragraph\"><\/p>\n\n\n\n<p class=\"has-text-align-center wp-block-paragraph\" style=\"font-size:17px\"><\/p>\n","protected":false},"excerpt":{"rendered":"<p>&#8222;Was sein darf, kann sich ver\u00e4ndern.&#8220; (Eugene T. Gendlin) Ist das m\u00f6glich? Innere Ver\u00e4nderungen tats\u00e4chlich nachhaltig zu erm\u00f6glichen und seinen Mustern nicht auf Gedeih und Verderb ausgeliefert zu sein? Dadurch vielleicht gelassener zu werden? Selbstbewusster? Es zu schaffen, eigene Grenzen zu wahren? Und das alles mit einer sehr freundlichen, zugewandten Haltung? Ohne st\u00e4ndig an sich &hellip; <\/p>\n<p><a class=\"more-link btn\" href=\"https:\/\/www.innerebalance.at\/?page_id=91\">Weiterlesen<\/a><\/p>\n","protected":false},"author":1,"featured_media":0,"parent":0,"menu_order":0,"comment_status":"closed","ping_status":"closed","template":"","meta":{"footnotes":""},"class_list":["post-91","page","type-page","status-publish","hentry","nodate","item-wrap"],"_links":{"self":[{"href":"https:\/\/www.innerebalance.at\/index.php?rest_route=\/wp\/v2\/pages\/91","targetHints":{"allow":["GET"]}}],"collection":[{"href":"https:\/\/www.innerebalance.at\/index.php?rest_route=\/wp\/v2\/pages"}],"about":[{"href":"https:\/\/www.innerebalance.at\/index.php?rest_route=\/wp\/v2\/types\/page"}],"author":[{"embeddable":true,"href":"https:\/\/www.innerebalance.at\/index.php?rest_route=\/wp\/v2\/users\/1"}],"replies":[{"embeddable":true,"href":"https:\/\/www.innerebalance.at\/index.php?rest_route=%2Fwp%2Fv2%2Fcomments&post=91"}],"version-history":[{"count":78,"href":"https:\/\/www.innerebalance.at\/index.php?rest_route=\/wp\/v2\/pages\/91\/revisions"}],"predecessor-version":[{"id":818,"href":"https:\/\/www.innerebalance.at\/index.php?rest_route=\/wp\/v2\/pages\/91\/revisions\/818"}],"wp:attachment":[{"href":"https:\/\/www.innerebalance.at\/index.php?rest_route=%2Fwp%2Fv2%2Fmedia&parent=91"}],"curies":[{"name":"wp","href":"https:\/\/api.w.org\/{rel}","templated":true}]}}